{"id":645,"date":"2024-10-15T13:57:39","date_gmt":"2024-10-15T11:57:39","guid":{"rendered":"https:\/\/marefuturoismar.isig.it\/?page_id=645"},"modified":"2025-05-12T13:31:05","modified_gmt":"2025-05-12T11:31:05","slug":"nts-12-13-12-2024","status":"publish","type":"page","link":"https:\/\/marefuturoismar.urusdigital.it\/?page_id=645","title":{"rendered":"NTS &#8211; 12-13.12.2024"},"content":{"rendered":"\n<div class=\"wp-block-media-text is-stacked-on-mobile is-style-default\"><figure class=\"wp-block-media-text__media\"><img fetchpriority=\"high\" decoding=\"async\" width=\"1094\" height=\"730\" src=\"https:\/\/marefuturoismar.urusdigital.it\/wp-content\/uploads\/2024\/10\/3-1024x683.png\" alt=\"\" class=\"wp-image-555 size-full\" srcset=\"https:\/\/marefuturoismar.urusdigital.it\/wp-content\/uploads\/2024\/10\/3-1024x683.png 1024w, https:\/\/marefuturoismar.urusdigital.it\/wp-content\/uploads\/2024\/10\/3-300x200.png 300w, https:\/\/marefuturoismar.urusdigital.it\/wp-content\/uploads\/2024\/10\/3-768x512.png 768w, https:\/\/marefuturoismar.urusdigital.it\/wp-content\/uploads\/2024\/10\/3-600x400.png 600w, https:\/\/marefuturoismar.urusdigital.it\/wp-content\/uploads\/2024\/10\/3.png 1094w\" sizes=\"(max-width: 1094px) 100vw, 1094px\" \/><\/figure><div class=\"wp-block-media-text__content\">\n<p class=\"wp-block-paragraph\"><strong>Workshop <\/strong><\/p>\n\n\n\n<h2 class=\"wp-block-heading\"><strong>MareFuturo<\/strong>: <strong>co-creare sviluppo sostenibile nel Mar Ligure e Tirreno Settentrionale<\/strong><\/h2>\n\n\n\n<p class=\"wp-block-paragraph\"><strong>12-13 Dicembre 2024, Genova<\/strong><\/p>\n\n\n\n<p class=\"wp-block-paragraph\">Genova Blue District &#8211; Via del Molo, 65, 16128 Genova<\/p>\n<\/div><\/div>\n\n\n\n<hr class=\"wp-block-separator has-alpha-channel-opacity is-style-wide\"\/>\n\n\n\n<div class=\"wp-block-group\"><div class=\"wp-block-group__inner-container is-layout-constrained wp-block-group-is-layout-constrained\">\n<div class=\"wp-block-columns is-layout-flex wp-container-core-columns-is-layout-8f761849 wp-block-columns-is-layout-flex\">\n<div class=\"wp-block-column is-layout-flow wp-block-column-is-layout-flow\">\n<h4 class=\"wp-block-heading\">Materiali<\/h4>\n\n\n\n<ul class=\"wp-block-list\">\n<li><a href=\"https:\/\/marefuturoismar.urusdigital.it\/wp-content\/uploads\/2024\/10\/Programma_NTS_ws.pdf\" data-type=\"attachment\" data-id=\"772\" target=\"_blank\" rel=\"noreferrer noopener\">Programma<\/a><\/li>\n\n\n\n<li><a href=\"https:\/\/marefuturoismar.urusdigital.it\/wp-content\/uploads\/2024\/11\/NTS_geostoria_Final.pdf\" target=\"_blank\" rel=\"noreferrer noopener\">Geostorie<\/a><\/li>\n\n\n\n<li><a href=\"https:\/\/marefuturoismar.urusdigital.it\/wp-content\/uploads\/2024\/12\/HANDOUT_NTS.pdf\" target=\"_blank\" rel=\"noreferrer noopener\">Materiali di Lavoro<\/a><\/li>\n\n\n\n<li><a href=\"https:\/\/marefuturoismar.urusdigital.it\/wp-content\/uploads\/2024\/10\/03_Lettera_Invito_Partner_NTS_Sito.pdf\" target=\"_blank\" rel=\"noreferrer noopener\">Lettera Invito Partner \/ ToE<\/a><\/li>\n\n\n\n<li><a href=\"https:\/\/marefuturoismar.urusdigital.it\/wp-content\/uploads\/2024\/10\/04_Lettera_Invito_Stakeholder_NTS_Sito.pdf\" target=\"_blank\" rel=\"noreferrer noopener\">Lettera Invito Stakeholder<\/a><\/li>\n<\/ul>\n<\/div>\n\n\n\n<div class=\"wp-block-column is-layout-flow wp-block-column-is-layout-flow\">\n<h4 class=\"wp-block-heading\">Info Utili<\/h4>\n\n\n\n<ul class=\"wp-block-list\">\n<li><a href=\"https:\/\/it.eu.research.net\/r\/CRF83Q7\" target=\"_blank\" rel=\"noreferrer noopener\">Ulteriori Contributi<\/a><\/li>\n\n\n\n<li><a href=\"https:\/\/it.eu.research.net\/r\/CMSTKT2\">Questionario soddisfazione<\/a><\/li>\n<\/ul>\n<\/div>\n\n\n\n<div class=\"wp-block-column is-layout-flow wp-block-column-is-layout-flow\">\n<h4 class=\"wp-block-heading\"><strong>Contatti<\/strong><\/h4>\n\n\n\n<div class=\"wp-block-group\"><div class=\"wp-block-group__inner-container is-layout-constrained wp-block-group-is-layout-constrained\">\n<p class=\"has-small-font-size wp-block-paragraph\">Coordinamento scientifico area pilota NTS<br>Dott. Alessandro Mulazzani<br>CNR ISMAR \u2013 Istituto di Scienze Marine&nbsp;&nbsp;<br>Email: alessandro.mulazzani@cnr.it&nbsp;&nbsp;<br>Telefono: 339 6826442<\/p>\n\n\n\n<p class=\"has-small-font-size wp-block-paragraph\">Coordinamento organizzativo:<br>Dott.ssa Ramona Velea<br>ISIG \u2013 Istituto di Sociologia Internazionale di Gorizia<br>Email: isig@adminTelefono&nbsp;: 0481533632<\/p>\n<\/div><\/div>\n<\/div>\n<\/div>\n<\/div><\/div>\n\n\n\n<hr class=\"wp-block-separator has-alpha-channel-opacity is-style-wide\"\/>\n\n\n\n<div class=\"wp-block-columns is-layout-flex wp-container-core-columns-is-layout-8f761849 wp-block-columns-is-layout-flex\">\n<div class=\"wp-block-column is-layout-flow wp-block-column-is-layout-flow\">\n<h4 class=\"wp-block-heading has-medium-font-size\">Obiettivi<\/h4>\n\n\n\n<ul class=\"wp-block-list\">\n<li class=\"has-small-font-size\">Analizzare ed affinare tre scenari esplorativi per la Pianificazione Spaziale Marittima dell&#8217;area NTS preparati nei mesi scorsi dal Team di progetto e da un Gruppo di Esperti appositamente costituito, valutando diversi approcci alla gestione delle attivit\u00e0 marittime, con particolare attenzione alla tutela della biodiversit\u00e0.&nbsp;<\/li>\n\n\n\n<li class=\"has-small-font-size\">Facilitare il dialogo tra istituzioni, agenzie, ricercatori e societ\u00e0 civile per identificare strategie condivise di sviluppo sostenibile nell&#8217;area NTS.<\/li>\n<\/ul>\n<\/div>\n\n\n\n<div class=\"wp-block-column is-layout-flow wp-block-column-is-layout-flow\">\n<h4 class=\"wp-block-heading has-medium-font-size\">12 Dicembre<\/h4>\n\n\n\n<p class=\"has-small-font-size wp-block-paragraph\">La prima giornata si concentrer\u00e0 sull&#8217;analisi della coerenza e della completezza di ciascuno scenario, esplorando trend, normative e sinergie tra usi, nei settori chiave. Attraverso sessioni di lavoro facilitate, i partecipanti esamineranno lo scenario &#8220;Slow Pace&#8221;, proseguiranno poi con l\u2019analisi dello scenario &#8220;Nature@Work&#8221; e, successivamente, dello scenario &#8220;Blue Development&#8221;. Le sessioni di gruppo offriranno l\u2019opportunit\u00e0 di approfondire ogni scenario, mentre le restituzioni plenarie permetteranno di condividere i risultati e di identificare aree di miglioramento comuni.<\/p>\n<\/div>\n\n\n\n<div class=\"wp-block-column is-layout-flow wp-block-column-is-layout-flow\">\n<h4 class=\"wp-block-heading has-medium-font-size\"><strong>13 Dicembre<\/strong><\/h4>\n\n\n\n<div class=\"wp-block-group\"><div class=\"wp-block-group__inner-container is-layout-constrained wp-block-group-is-layout-constrained\">\n<p class=\"has-small-font-size wp-block-paragraph\">La seconda giornata sar\u00e0 dedicata all\u2019esplorazione di alternative e integrazioni per i tre scenari, con lavori di gruppo che stimoleranno i partecipanti a identificare possibili azioni complementari. Nella sessione finale, i gruppi rifletteranno sui principali fattori abilitanti necessari per l&#8217;implementazione degli scenari. Le attivit\u00e0 si concluderanno con una sessione plenaria di sintesi, in cui verranno discussi i passi concreti e gli strumenti necessari per attuare con successo le azioni identificate.<\/p>\n<\/div><\/div>\n<\/div>\n<\/div>\n\n\n\n<hr class=\"wp-block-separator has-alpha-channel-opacity is-style-wide\"\/>\n\n\n\n<div class=\"wp-block-group\"><div class=\"wp-block-group__inner-container is-layout-constrained wp-block-group-is-layout-constrained\">\n<div class=\"wp-block-columns is-layout-flex wp-container-core-columns-is-layout-8f761849 wp-block-columns-is-layout-flex\">\n<div class=\"wp-block-column is-layout-flow wp-block-column-is-layout-flow\">\n<h4 class=\"wp-block-heading\">Il Workshop<\/h4>\n\n\n\n<p class=\"wp-block-paragraph\">Il workshop \u00e8 organizzato da CNR ISMAR (Istituto di Scienze Marine del Consiglio Nazionale delle Ricerche), coordinatore del progetto MSP4BIODIVERSITY, con il supporto tecnico di ISIG (Istituto di Sociologia Internazionale di Gorizia).&nbsp;&nbsp;<\/p>\n\n\n\n<p class=\"wp-block-paragraph\">Questo evento rappresenta un&#8217;importante occasione di confronto tra esperti e attori chiave per discutere e consolidare soluzioni innovative per la gestione sostenibile delle risorse marine e la tutela della biodiversit\u00e0 nell\u2019area pilota del Tirreno Settentrionale.<\/p>\n\n\n\n<p class=\"wp-block-paragraph\">Il workshop offre un\u2019esperienza immersiva e partecipativa, combinando sessioni frontali e attivit\u00e0 interattive. Attraverso brainstorming, lavori di gruppo, focus group e questionari, i partecipanti saranno coinvolti in un percorso di analisi e co-creazione degli scenari futuri. L\u2019approccio \u00e8 pensato per promuovere il dialogo e lo scambio di idee, facilitando la costruzione di una visione condivisa.<\/p>\n\n\n\n<h4 class=\"wp-block-heading\"><strong>L&#8217;Area Pilota NTS: un focus strategico&nbsp;&nbsp;<\/strong><\/h4>\n\n\n\n<p class=\"wp-block-paragraph\">Il workshop si concentrer\u00e0 sull&#8217;area pilota del Mar Ligure e Tirreno Settentrionale (NTS), che include le acque marine sotto giurisdizione nazionale antistanti le coste delle regioni Liguria e Toscana, ricomprese nel Piano dello Spazio Marittimo per l\u2019area Tirreno-Mediterraneo occidentale.\u00a0<\/p>\n\n\n\n<p class=\"wp-block-paragraph\">L\u2019area di studio \u00e8 di grande importanza strategica per l\u2019economia blu, poich\u00e9 ospita interessi economici e ambientali rilevanti, con particolare attenzione agli usi del mare e alla conservazione ambientale.<\/p>\n\n\n\n<h4 class=\"wp-block-heading\"><strong>MareFuturo: co-creare sviluppo sostenibile nell&#8217;Area Pilota NTS&nbsp;&nbsp;<\/strong><\/h4>\n\n\n\n<p class=\"wp-block-paragraph\">Il workshop mira ad analizzare ed affinare tre scenari esplorativi per la Pianificazione Spaziale Marittima dell&#8217;area NTS, preparati nei mesi scorsi dal Team di progetto e da un Gruppo di Esperti appositamente costituito.<\/p>\n\n\n\n<p class=\"wp-block-paragraph\">Questi scenari propongono diversi approcci alla gestione delle attivit\u00e0 marittime, con particolare attenzione alla tutela della biodiversit\u00e0, al fine di delineare possibili traiettorie di sviluppo sostenibile per il Tirreno Settentrionale.<\/p>\n\n\n\n<p class=\"wp-block-paragraph\">Nei mesi di maggio-giugno 2025 verr\u00e0 organizzato un secondo workshop con l\u2019obiettivo di presentare i risultati delle analisi effettuate utilizzando diversi moduli e modelli sui tre scenari sviluppati, discutere i loro elementi di forza e di debolezza, dal punto di vista ambientale e socio-economico, individuare i fattori abilitanti per la loro eventuale realizzazione ed acquisire suggerimenti e raccomandazioni per lo sviluppo delle attivit\u00e0, del progetto e oltre il progetto.<\/p>\n\n\n\n<h4 class=\"wp-block-heading\"><strong>I tre scenari proposti:<\/strong><\/h4>\n\n\n\n<ul class=\"wp-block-list\">\n<li>Blue Development: Sviluppo rapido dell\u2019economia blu, integrando tecnologie innovative e soluzioni sostenibili per una gestione sinergica delle risorse naturali e marine.<\/li>\n\n\n\n<li>Slow Pace: Sviluppo lento e graduale, con innovazioni limitate e focus ridotto sulla protezione ambientale.<\/li>\n\n\n\n<li>Nature@Work: Priorit\u00e0 alla conservazione della biodiversit\u00e0, con estensione delle aree protette e applicazione rigorosa del principio di precauzione<\/li>\n<\/ul>\n\n\n\n<h4 class=\"wp-block-heading has-medium-font-size\"><strong>Perch\u00e9 partecipare&nbsp;<\/strong><\/h4>\n\n\n\n<p class=\"wp-block-paragraph\">Il confronto diretto tra esperti del settore permetter\u00e0 di definire le migliori strategie per uno sviluppo integrato e sostenibile dell&#8217;economia del mare, bilanciando le esigenze di crescita economica con quelle di conservazione ambientale.<\/p>\n\n\n\n<h4 class=\"wp-block-heading has-medium-font-size\"><strong>Partecipanti<\/strong><\/h4>\n\n\n\n<p class=\"wp-block-paragraph\">Attori chiave provenienti da istituzioni pubbliche, agenzie ambientali, universit\u00e0 ed enti di ricerca, esperti del settore economico legati all&#8217;economia blu, e portatori di interesse della societ\u00e0 civile, inclusi rappresentanti di associazioni di categoria, organizzazioni non governative e comunit\u00e0 locali.<\/p>\n<\/div>\n<\/div>\n<\/div><\/div>\n\n\n\n<div class=\"wp-block-columns is-layout-flex wp-container-core-columns-is-layout-8f761849 wp-block-columns-is-layout-flex\">\n<div class=\"wp-block-column is-layout-flow wp-block-column-is-layout-flow\">\n<figure class=\"wp-block-embed is-type-video is-provider-youtube wp-block-embed-youtube wp-embed-aspect-16-9 wp-has-aspect-ratio\"><div class=\"wp-block-embed__wrapper\">\n<iframe title=\"Mare Futuro: co-creare sviluppo sostenibile nel Tirreno Settentrionale\" width=\"640\" height=\"360\" src=\"https:\/\/www.youtube.com\/embed\/tpwJD4aExwU?feature=oembed\" frameborder=\"0\" allow=\"accelerometer; autoplay; clipboard-write; encrypted-media; gyroscope; picture-in-picture; web-share\" referrerpolicy=\"strict-origin-when-cross-origin\" allowfullscreen><\/iframe>\n<\/div><\/figure>\n<\/div>\n\n\n\n<div class=\"wp-block-column is-layout-flow wp-block-column-is-layout-flow\">\n<figure class=\"wp-block-image size-large\"><img decoding=\"async\" width=\"1024\" height=\"768\" src=\"https:\/\/marefuturoismar.urusdigital.it\/wp-content\/uploads\/2024\/12\/20241212_135114-1024x768.jpg\" alt=\"\" class=\"wp-image-855\" srcset=\"https:\/\/marefuturoismar.urusdigital.it\/wp-content\/uploads\/2024\/12\/20241212_135114-1024x768.jpg 1024w, https:\/\/marefuturoismar.urusdigital.it\/wp-content\/uploads\/2024\/12\/20241212_135114-300x225.jpg 300w, https:\/\/marefuturoismar.urusdigital.it\/wp-content\/uploads\/2024\/12\/20241212_135114-768x576.jpg 768w, https:\/\/marefuturoismar.urusdigital.it\/wp-content\/uploads\/2024\/12\/20241212_135114-1536x1152.jpg 1536w, https:\/\/marefuturoismar.urusdigital.it\/wp-content\/uploads\/2024\/12\/20241212_135114-2048x1537.jpg 2048w\" sizes=\"(max-width: 1024px) 100vw, 1024px\" \/><\/figure>\n\n\n\n<figure class=\"wp-block-image size-large\"><img decoding=\"async\" width=\"1024\" height=\"768\" src=\"https:\/\/marefuturoismar.urusdigital.it\/wp-content\/uploads\/2024\/12\/20241213_092610-1024x768.jpg\" alt=\"\" class=\"wp-image-857\" srcset=\"https:\/\/marefuturoismar.urusdigital.it\/wp-content\/uploads\/2024\/12\/20241213_092610-1024x768.jpg 1024w, https:\/\/marefuturoismar.urusdigital.it\/wp-content\/uploads\/2024\/12\/20241213_092610-300x225.jpg 300w, https:\/\/marefuturoismar.urusdigital.it\/wp-content\/uploads\/2024\/12\/20241213_092610-768x576.jpg 768w, https:\/\/marefuturoismar.urusdigital.it\/wp-content\/uploads\/2024\/12\/20241213_092610-1536x1152.jpg 1536w, https:\/\/marefuturoismar.urusdigital.it\/wp-content\/uploads\/2024\/12\/20241213_092610-2048x1536.jpg 2048w\" sizes=\"(max-width: 1024px) 100vw, 1024px\" \/><\/figure>\n\n\n\n<figure class=\"wp-block-image size-large\"><img loading=\"lazy\" decoding=\"async\" width=\"1024\" height=\"768\" src=\"https:\/\/marefuturoismar.urusdigital.it\/wp-content\/uploads\/2024\/12\/IMG20241213121524-1024x768.jpg\" alt=\"\" class=\"wp-image-861\" srcset=\"https:\/\/marefuturoismar.urusdigital.it\/wp-content\/uploads\/2024\/12\/IMG20241213121524-1024x768.jpg 1024w, https:\/\/marefuturoismar.urusdigital.it\/wp-content\/uploads\/2024\/12\/IMG20241213121524-300x225.jpg 300w, https:\/\/marefuturoismar.urusdigital.it\/wp-content\/uploads\/2024\/12\/IMG20241213121524-768x576.jpg 768w, https:\/\/marefuturoismar.urusdigital.it\/wp-content\/uploads\/2024\/12\/IMG20241213121524-1536x1152.jpg 1536w, https:\/\/marefuturoismar.urusdigital.it\/wp-content\/uploads\/2024\/12\/IMG20241213121524-2048x1536.jpg 2048w\" sizes=\"(max-width: 1024px) 100vw, 1024px\" \/><\/figure>\n\n\n\n<figure class=\"wp-block-image size-large\"><img loading=\"lazy\" decoding=\"async\" width=\"1024\" height=\"768\" src=\"https:\/\/marefuturoismar.urusdigital.it\/wp-content\/uploads\/2024\/12\/20241213_105129-1024x768.jpg\" alt=\"\" class=\"wp-image-862\" srcset=\"https:\/\/marefuturoismar.urusdigital.it\/wp-content\/uploads\/2024\/12\/20241213_105129-1024x768.jpg 1024w, https:\/\/marefuturoismar.urusdigital.it\/wp-content\/uploads\/2024\/12\/20241213_105129-300x225.jpg 300w, https:\/\/marefuturoismar.urusdigital.it\/wp-content\/uploads\/2024\/12\/20241213_105129-768x576.jpg 768w, https:\/\/marefuturoismar.urusdigital.it\/wp-content\/uploads\/2024\/12\/20241213_105129-1536x1152.jpg 1536w, https:\/\/marefuturoismar.urusdigital.it\/wp-content\/uploads\/2024\/12\/20241213_105129-2048x1536.jpg 2048w\" sizes=\"(max-width: 1024px) 100vw, 1024px\" \/><\/figure>\n<\/div>\n\n\n\n<div class=\"wp-block-column is-layout-flow wp-block-column-is-layout-flow\">\n<figure class=\"wp-block-image size-large\"><img loading=\"lazy\" decoding=\"async\" width=\"1024\" height=\"768\" src=\"https:\/\/marefuturoismar.urusdigital.it\/wp-content\/uploads\/2024\/12\/20241212_153630-1024x768.jpg\" alt=\"\" class=\"wp-image-856\" srcset=\"https:\/\/marefuturoismar.urusdigital.it\/wp-content\/uploads\/2024\/12\/20241212_153630-1024x768.jpg 1024w, https:\/\/marefuturoismar.urusdigital.it\/wp-content\/uploads\/2024\/12\/20241212_153630-300x225.jpg 300w, https:\/\/marefuturoismar.urusdigital.it\/wp-content\/uploads\/2024\/12\/20241212_153630-768x576.jpg 768w, https:\/\/marefuturoismar.urusdigital.it\/wp-content\/uploads\/2024\/12\/20241212_153630-1536x1152.jpg 1536w, https:\/\/marefuturoismar.urusdigital.it\/wp-content\/uploads\/2024\/12\/20241212_153630-2048x1536.jpg 2048w\" sizes=\"(max-width: 1024px) 100vw, 1024px\" \/><\/figure>\n\n\n\n<figure class=\"wp-block-image size-large\"><img loading=\"lazy\" decoding=\"async\" width=\"1024\" height=\"768\" src=\"https:\/\/marefuturoismar.urusdigital.it\/wp-content\/uploads\/2024\/12\/IMG20241212165050-1024x768.jpg\" alt=\"\" class=\"wp-image-860\" srcset=\"https:\/\/marefuturoismar.urusdigital.it\/wp-content\/uploads\/2024\/12\/IMG20241212165050-1024x768.jpg 1024w, https:\/\/marefuturoismar.urusdigital.it\/wp-content\/uploads\/2024\/12\/IMG20241212165050-300x225.jpg 300w, https:\/\/marefuturoismar.urusdigital.it\/wp-content\/uploads\/2024\/12\/IMG20241212165050-768x576.jpg 768w, https:\/\/marefuturoismar.urusdigital.it\/wp-content\/uploads\/2024\/12\/IMG20241212165050-1536x1152.jpg 1536w, https:\/\/marefuturoismar.urusdigital.it\/wp-content\/uploads\/2024\/12\/IMG20241212165050-2048x1536.jpg 2048w\" sizes=\"(max-width: 1024px) 100vw, 1024px\" \/><\/figure>\n\n\n\n<figure class=\"wp-block-image size-large\"><img loading=\"lazy\" decoding=\"async\" width=\"1024\" height=\"768\" src=\"https:\/\/marefuturoismar.urusdigital.it\/wp-content\/uploads\/2024\/12\/20241212_134446-1024x768.jpg\" alt=\"\" class=\"wp-image-859\" srcset=\"https:\/\/marefuturoismar.urusdigital.it\/wp-content\/uploads\/2024\/12\/20241212_134446-1024x768.jpg 1024w, https:\/\/marefuturoismar.urusdigital.it\/wp-content\/uploads\/2024\/12\/20241212_134446-300x225.jpg 300w, https:\/\/marefuturoismar.urusdigital.it\/wp-content\/uploads\/2024\/12\/20241212_134446-768x576.jpg 768w, https:\/\/marefuturoismar.urusdigital.it\/wp-content\/uploads\/2024\/12\/20241212_134446-1536x1152.jpg 1536w, https:\/\/marefuturoismar.urusdigital.it\/wp-content\/uploads\/2024\/12\/20241212_134446-2048x1536.jpg 2048w\" sizes=\"(max-width: 1024px) 100vw, 1024px\" \/><\/figure>\n\n\n\n<figure class=\"wp-block-image size-large\"><img loading=\"lazy\" decoding=\"async\" width=\"1024\" height=\"768\" src=\"https:\/\/marefuturoismar.urusdigital.it\/wp-content\/uploads\/2024\/12\/20241212_153750-1024x768.jpg\" alt=\"\" class=\"wp-image-863\" srcset=\"https:\/\/marefuturoismar.urusdigital.it\/wp-content\/uploads\/2024\/12\/20241212_153750-1024x768.jpg 1024w, https:\/\/marefuturoismar.urusdigital.it\/wp-content\/uploads\/2024\/12\/20241212_153750-300x225.jpg 300w, https:\/\/marefuturoismar.urusdigital.it\/wp-content\/uploads\/2024\/12\/20241212_153750-768x576.jpg 768w, https:\/\/marefuturoismar.urusdigital.it\/wp-content\/uploads\/2024\/12\/20241212_153750-1536x1152.jpg 1536w, https:\/\/marefuturoismar.urusdigital.it\/wp-content\/uploads\/2024\/12\/20241212_153750-2048x1536.jpg 2048w\" sizes=\"(max-width: 1024px) 100vw, 1024px\" \/><\/figure>\n<\/div>\n<\/div>\n\n\n\n<p class=\"wp-block-paragraph\"><\/p>\n","protected":false},"excerpt":{"rendered":"<p>Workshop MareFuturo: co-creare sviluppo sostenibile nel Mar Ligure e Tirreno Settentrionale 12-13 Dicembre 2024, Genova Genova Blue District &#8211; Via del Molo, 65, 16128 Genova Materiali Info Utili Contatti Coordinamento [&hellip;]<\/p>\n","protected":false},"author":1,"featured_media":555,"parent":492,"menu_order":3,"comment_status":"closed","ping_status":"closed","template":"page-templates\/full-width-container.php","meta":{"footnotes":""},"class_list":["post-645","page","type-page","status-publish","has-post-thumbnail","hentry"],"_links":{"self":[{"href":"https:\/\/marefuturoismar.urusdigital.it\/index.php?rest_route=\/wp\/v2\/pages\/645","targetHints":{"allow":["GET"]}}],"collection":[{"href":"https:\/\/marefuturoismar.urusdigital.it\/index.php?rest_route=\/wp\/v2\/pages"}],"about":[{"href":"https:\/\/marefuturoismar.urusdigital.it\/index.php?rest_route=\/wp\/v2\/types\/page"}],"author":[{"embeddable":true,"href":"https:\/\/marefuturoismar.urusdigital.it\/index.php?rest_route=\/wp\/v2\/users\/1"}],"replies":[{"embeddable":true,"href":"https:\/\/marefuturoismar.urusdigital.it\/index.php?rest_route=%2Fwp%2Fv2%2Fcomments&post=645"}],"version-history":[{"count":16,"href":"https:\/\/marefuturoismar.urusdigital.it\/index.php?rest_route=\/wp\/v2\/pages\/645\/revisions"}],"predecessor-version":[{"id":1120,"href":"https:\/\/marefuturoismar.urusdigital.it\/index.php?rest_route=\/wp\/v2\/pages\/645\/revisions\/1120"}],"up":[{"embeddable":true,"href":"https:\/\/marefuturoismar.urusdigital.it\/index.php?rest_route=\/wp\/v2\/pages\/492"}],"wp:featuredmedia":[{"embeddable":true,"href":"https:\/\/marefuturoismar.urusdigital.it\/index.php?rest_route=\/wp\/v2\/media\/555"}],"wp:attachment":[{"href":"https:\/\/marefuturoismar.urusdigital.it\/index.php?rest_route=%2Fwp%2Fv2%2Fmedia&parent=645"}],"curies":[{"name":"wp","href":"https:\/\/api.w.org\/{rel}","templated":true}]}}